{"articles":[{"classes":["outercol"],"isFavourite":false,"isExternalUrl":{"articleLink":false},"articleListButtonsData":{"buttonsList":[{"label":"Les mer","url":"\/siste-nytt\/?Article=2318","type":"readmore"}],"mode":"default"},"favouriteType":null,"mnu":null,"section":null,"displayId":true,"docId":2318,"identifier":"2318Article","docType":"Article","customDate":false,"teaserData":{"teaserText":"","mode":"default"},"content":{"teaser":"","intro":"Kj\u00e6re medlemmer,\r\n\r\nStyret har gleden av \u00e5 invitere til \u00e5rsm\u00f8te i Valnesfjord Idrettslag.\r\n\r\nTid: Mandag 23. Februar kl. 18:00-20:00\r\nSted: Ny Skistue ved VHSS\r\n"},"titles":{"main":"\u00c5rsm\u00f8te 2025","readMoreButton":"Les mer"},"urls":{"readMore":"\/siste-nytt\/?Article=2318","booking":null},"created":{"date":"18.01.2026","time":"20:33","timestamp":1768764780},"introAllowHtml":false,"hasTicket":false,"extra":null,"hasReadMore":true,"media":{"imageData":{"path":"\/sites\/v\/valnesfjordil.no\/files\/2026\/01\/last_ned.jpg","width":245,"height":148,"aspectRatio":1.6554054054054055},"previewImageUrl":"\/sites\/v\/valnesfjordil.no\/files\/2026\/01\/last_ned.jpg?cropToFit=100x59&quality=50","imageVariants":[{"path":"\/sites\/v\/valnesfjordil.no\/files\/2026\/01\/last_ned.jpg?cropToFit=100x59&quality=75","width":100,"height":59,"aspectRatio":1.694915254237288},{"path":"\/sites\/v\/valnesfjordil.no\/files\/2026\/01\/last_ned.jpg?cropToFit=200x118&quality=75","width":200,"height":118,"aspectRatio":1.694915254237288},{"path":"\/sites\/v\/valnesfjordil.no\/files\/2026\/01\/last_ned.jpg?cropToFit=400x235&quality=75","width":245,"height":144,"aspectRatio":1.7013888888888888},{"path":"\/sites\/v\/valnesfjordil.no\/files\/2026\/01\/last_ned.jpg?cropToFit=600x353&quality=75","width":245,"height":144,"aspectRatio":1.7013888888888888},{"path":"\/sites\/v\/valnesfjordil.no\/files\/2026\/01\/last_ned.jpg?cropToFit=800x471&quality=75","width":245,"height":144,"aspectRatio":1.7013888888888888},{"path":"\/sites\/v\/valnesfjordil.no\/files\/2026\/01\/last_ned.jpg?cropToFit=1000x588&quality=75","width":245,"height":144,"aspectRatio":1.7013888888888888},{"path":"\/sites\/v\/valnesfjordil.no\/files\/2026\/01\/last_ned.jpg?cropToFit=1200x706&quality=75","width":245,"height":144,"aspectRatio":1.7013888888888888}],"image":"\/sites\/v\/valnesfjordil.no\/files\/2026\/01\/last_ned.jpg","aspect":1.694915254237288,"type":"image","description":null},"additionalData":[]},{"classes":["outercol"],"isFavourite":false,"isExternalUrl":{"articleLink":false},"articleListButtonsData":{"buttonsList":[{"label":"Les mer","url":"\/siste-nytt\/?Article=2308","type":"readmore"}],"mode":"default"},"favouriteType":null,"mnu":null,"section":null,"displayId":true,"docId":2308,"identifier":"2308Article","docType":"Article","customDate":false,"teaserData":{"teaserText":"","mode":"default"},"content":{"teaser":"","intro":"I \u00e5r feirer vi 50 \u00e5rsjubileum og Valnesfjord IL har gleden av \u00e5 invitere til den 50. utgaven av turrennet Valnesfjord rundt i klassisk stil s\u00f8ndag 15. mars 2026. Rennet har varierte l\u00f8yper med start og m\u00e5lgang i skianlegget \u201cAktivitetsarena Valnesfjord\u201d ved Valnesfjord Helsesportssenter. "},"titles":{"main":"Valnesfjord Rundt 2026 ","readMoreButton":"Les mer"},"urls":{"readMore":"\/siste-nytt\/?Article=2308","booking":null},"created":{"date":"18.01.2026","time":"19:26","timestamp":1768760760},"introAllowHtml":false,"hasTicket":false,"extra":null,"hasReadMore":true,"media":{"imageData":{"path":"\/sites\/v\/valnesfjordil.no\/files\/2026\/01\/p3170009.jpg","width":4608,"height":3456,"aspectRatio":1.3333333333333333},"previewImageUrl":"\/sites\/v\/valnesfjordil.no\/files\/2026\/01\/p3170009.jpg?cropToFit=100x59&quality=50","imageVariants":[{"path":"\/sites\/v\/valnesfjordil.no\/files\/2026\/01\/p3170009.jpg?cropToFit=100x59&quality=75","width":100,"height":59,"aspectRatio":1.694915254237288},{"path":"\/sites\/v\/valnesfjordil.no\/files\/2026\/01\/p3170009.jpg?cropToFit=200x118&quality=75","width":200,"height":118,"aspectRatio":1.694915254237288},{"path":"\/sites\/v\/valnesfjordil.no\/files\/2026\/01\/p3170009.jpg?cropToFit=400x235&quality=75","width":400,"height":235,"aspectRatio":1.702127659574468},{"path":"\/sites\/v\/valnesfjordil.no\/files\/2026\/01\/p3170009.jpg?cropToFit=600x353&quality=75","width":600,"height":353,"aspectRatio":1.6997167138810199},{"path":"\/sites\/v\/valnesfjordil.no\/files\/2026\/01\/p3170009.jpg?cropToFit=800x471&quality=75","width":800,"height":471,"aspectRatio":1.6985138004246285},{"path":"\/sites\/v\/valnesfjordil.no\/files\/2026\/01\/p3170009.jpg?cropToFit=1000x588&quality=75","width":1000,"height":588,"aspectRatio":1.7006802721088434},{"path":"\/sites\/v\/valnesfjordil.no\/files\/2026\/01\/p3170009.jpg?cropToFit=1200x706&quality=75","width":1200,"height":706,"aspectRatio":1.6997167138810199}],"image":"\/sites\/v\/valnesfjordil.no\/files\/2026\/01\/p3170009.jpg","aspect":1.694915254237288,"type":"image","description":null},"additionalData":[]},{"classes":["outercol"],"isFavourite":false,"isExternalUrl":{"articleLink":false},"articleListButtonsData":{"buttonsList":[{"label":"Les mer","url":"\/siste-nytt\/?Article=763","type":"readmore"}],"mode":"default"},"favouriteType":null,"mnu":null,"section":null,"displayId":true,"docId":763,"identifier":"763Article","docType":"Article","customDate":false,"teaserData":{"teaserText":"","mode":"default"},"content":{"teaser":"","intro":"H\u00f8sten vakreste turnering arrangeres i Valnesfjord 6. og 7. september 2025.\r\n"},"titles":{"main":"NOBL CUP 2025","readMoreButton":"Les mer"},"urls":{"readMore":"\/siste-nytt\/?Article=763","booking":null},"created":{"date":"28.04.2025","time":"20:25","timestamp":1745864700},"introAllowHtml":false,"hasTicket":false,"extra":null,"hasReadMore":true,"media":{"imageData":{"path":"\/sites\/v\/valnesfjordil.no\/files\/2025\/04\/img_0118.jpeg","width":4284,"height":5712,"aspectRatio":0.75},"previewImageUrl":"\/sites\/v\/valnesfjordil.no\/files\/2025\/04\/img_0118.jpeg?cropToFit=100x59&quality=50","imageVariants":[{"path":"\/sites\/v\/valnesfjordil.no\/files\/2025\/04\/img_0118.jpeg?cropToFit=100x59&quality=75","width":100,"height":59,"aspectRatio":1.694915254237288},{"path":"\/sites\/v\/valnesfjordil.no\/files\/2025\/04\/img_0118.jpeg?cropToFit=200x118&quality=75","width":200,"height":118,"aspectRatio":1.694915254237288},{"path":"\/sites\/v\/valnesfjordil.no\/files\/2025\/04\/img_0118.jpeg?cropToFit=400x235&quality=75","width":400,"height":235,"aspectRatio":1.702127659574468},{"path":"\/sites\/v\/valnesfjordil.no\/files\/2025\/04\/img_0118.jpeg?cropToFit=600x353&quality=75","width":600,"height":353,"aspectRatio":1.6997167138810199},{"path":"\/sites\/v\/valnesfjordil.no\/files\/2025\/04\/img_0118.jpeg?cropToFit=800x471&quality=75","width":800,"height":471,"aspectRatio":1.6985138004246285},{"path":"\/sites\/v\/valnesfjordil.no\/files\/2025\/04\/img_0118.jpeg?cropToFit=1000x588&quality=75","width":1000,"height":588,"aspectRatio":1.7006802721088434},{"path":"\/sites\/v\/valnesfjordil.no\/files\/2025\/04\/img_0118.jpeg?cropToFit=1200x706&quality=75","width":1200,"height":706,"aspectRatio":1.6997167138810199}],"image":"\/sites\/v\/valnesfjordil.no\/files\/2025\/04\/img_0118.jpeg","aspect":1.694915254237288,"type":"image","description":null},"additionalData":[]},{"classes":["outercol"],"isFavourite":false,"isExternalUrl":{"articleLink":false},"articleListButtonsData":{"buttonsList":[{"label":"Les mer","url":"\/siste-nytt\/?Article=720","type":"readmore"}],"mode":"default"},"favouriteType":null,"mnu":null,"section":null,"displayId":true,"docId":720,"identifier":"720Article","docType":"Article","customDate":false,"teaserData":{"teaserText":"Klubbkl\u00e6r","mode":"default"},"content":{"teaser":"Klubbkl\u00e6r","intro":"Skisesongen st\u00e5r for d\u00f8ren. "},"titles":{"main":"Trimtex vinterbestilling","readMoreButton":"Les mer"},"urls":{"readMore":"\/siste-nytt\/?Article=720","booking":null},"created":{"date":"12.03.2025","time":"12:23","timestamp":1741778580},"introAllowHtml":false,"hasTicket":false,"extra":null,"hasReadMore":true,"media":{"imageData":{"path":"\/sites\/v\/valnesfjordil.no\/files\/2025\/11\/skjermbilde_2025-11-03_203732.png","width":372,"height":497,"aspectRatio":0.7484909456740443},"previewImageUrl":"\/sites\/v\/valnesfjordil.no\/files\/2025\/11\/skjermbilde_2025-11-03_203732.png?cropToFit=100x59&quality=50","imageVariants":[{"path":"\/sites\/v\/valnesfjordil.no\/files\/2025\/11\/skjermbilde_2025-11-03_203732.png?cropToFit=100x59&quality=75","width":100,"height":59,"aspectRatio":1.694915254237288},{"path":"\/sites\/v\/valnesfjordil.no\/files\/2025\/11\/skjermbilde_2025-11-03_203732.png?cropToFit=200x118&quality=75","width":200,"height":118,"aspectRatio":1.694915254237288},{"path":"\/sites\/v\/valnesfjordil.no\/files\/2025\/11\/skjermbilde_2025-11-03_203732.png?cropToFit=400x235&quality=75","width":372,"height":219,"aspectRatio":1.6986301369863013},{"path":"\/sites\/v\/valnesfjordil.no\/files\/2025\/11\/skjermbilde_2025-11-03_203732.png?cropToFit=600x353&quality=75","width":372,"height":219,"aspectRatio":1.6986301369863013},{"path":"\/sites\/v\/valnesfjordil.no\/files\/2025\/11\/skjermbilde_2025-11-03_203732.png?cropToFit=800x471&quality=75","width":372,"height":219,"aspectRatio":1.6986301369863013},{"path":"\/sites\/v\/valnesfjordil.no\/files\/2025\/11\/skjermbilde_2025-11-03_203732.png?cropToFit=1000x588&quality=75","width":372,"height":219,"aspectRatio":1.6986301369863013},{"path":"\/sites\/v\/valnesfjordil.no\/files\/2025\/11\/skjermbilde_2025-11-03_203732.png?cropToFit=1200x706&quality=75","width":372,"height":219,"aspectRatio":1.6986301369863013}],"image":"\/sites\/v\/valnesfjordil.no\/files\/2025\/11\/skjermbilde_2025-11-03_203732.png","aspect":1.694915254237288,"type":"image","description":null},"additionalData":[]},{"classes":["outercol"],"isFavourite":false,"isExternalUrl":{"articleLink":false},"articleListButtonsData":{"buttonsList":[{"label":"Les mer","url":"\/siste-nytt\/?Article=644","type":"readmore"}],"mode":"default"},"favouriteType":null,"mnu":null,"section":null,"displayId":true,"docId":644,"identifier":"644Article","docType":"Article","customDate":false,"teaserData":{"teaserText":"Klubbkl\u00e6r","mode":"default"},"content":{"teaser":"Klubbkl\u00e6r","intro":"Da er det mulighet for \u00e5 bestille klubbkl\u00e6r fra Trimtex. NB Frist for bestilling er 03.11.24. Alle medlemmer i Valnesfjord IL har tilgang til \u00e5 bestille kl\u00e6r fra Trimtex"},"titles":{"main":"Klubbkl\u00e6r fra Trimtex","readMoreButton":"Les mer"},"urls":{"readMore":"\/siste-nytt\/?Article=644","booking":null},"created":{"date":"15.10.2024","time":"09:41","timestamp":1728978060},"introAllowHtml":false,"hasTicket":false,"extra":null,"hasReadMore":true,"media":{"imageData":{"path":"\/sites\/v\/valnesfjordil.no\/files\/bilde_ski.jpg","width":980,"height":300,"aspectRatio":3.2666666666666666},"previewImageUrl":"\/sites\/v\/valnesfjordil.no\/files\/bilde_ski.jpg?cropToFit=100x59&quality=50","imageVariants":[{"path":"\/sites\/v\/valnesfjordil.no\/files\/bilde_ski.jpg?cropToFit=100x59&quality=75","width":100,"height":59,"aspectRatio":1.694915254237288},{"path":"\/sites\/v\/valnesfjordil.no\/files\/bilde_ski.jpg?cropToFit=200x118&quality=75","width":200,"height":118,"aspectRatio":1.694915254237288},{"path":"\/sites\/v\/valnesfjordil.no\/files\/bilde_ski.jpg?cropToFit=400x235&quality=75","width":400,"height":235,"aspectRatio":1.702127659574468},{"path":"\/sites\/v\/valnesfjordil.no\/files\/bilde_ski.jpg?cropToFit=600x353&quality=75","width":510,"height":300,"aspectRatio":1.7},{"path":"\/sites\/v\/valnesfjordil.no\/files\/bilde_ski.jpg?cropToFit=800x471&quality=75","width":510,"height":300,"aspectRatio":1.7},{"path":"\/sites\/v\/valnesfjordil.no\/files\/bilde_ski.jpg?cropToFit=1000x588&quality=75","width":510,"height":300,"aspectRatio":1.7},{"path":"\/sites\/v\/valnesfjordil.no\/files\/bilde_ski.jpg?cropToFit=1200x706&quality=75","width":510,"height":300,"aspectRatio":1.7}],"image":"\/sites\/v\/valnesfjordil.no\/files\/bilde_ski.jpg","aspect":1.694915254237288,"type":"image","description":null},"additionalData":[]},{"classes":["outercol"],"isFavourite":false,"isExternalUrl":{"articleLink":false},"articleListButtonsData":{"buttonsList":[{"label":"Les mer","url":"\/siste-nytt\/?Article=633","type":"readmore"}],"mode":"default"},"favouriteType":null,"mnu":null,"section":null,"displayId":true,"docId":633,"identifier":"633Article","docType":"Article","customDate":false,"teaserData":{"teaserText":"","mode":"default"},"content":{"teaser":"","intro":"Kom \u00e5 test ut langrenn og hva vi holder p\u00e5 med i Valnesfjord IL ski. Det blir ogs\u00e5 gjennomf\u00f8rt dugnad for \u00e5 klargj\u00f8re skil\u00f8ypene til vinteren. "},"titles":{"main":"Dagssamling og dugnad ved Aktivitetsarena Valnesfjord","readMoreButton":"Les mer"},"urls":{"readMore":"\/siste-nytt\/?Article=633","booking":null},"created":{"date":"13.10.2024","time":"19:01","timestamp":1728838860},"introAllowHtml":false,"hasTicket":false,"extra":null,"hasReadMore":true,"media":{"imageData":{"path":"\/sites\/v\/valnesfjordil.no\/files\/2023\/11\/thumbnail_img_0452.jpg","width":1920,"height":1440,"aspectRatio":1.3333333333333333},"previewImageUrl":"\/sites\/v\/valnesfjordil.no\/files\/2023\/11\/thumbnail_img_0452.jpg?cropToFit=100x59&quality=50","imageVariants":[{"path":"\/sites\/v\/valnesfjordil.no\/files\/2023\/11\/thumbnail_img_0452.jpg?cropToFit=100x59&quality=75","width":100,"height":59,"aspectRatio":1.694915254237288},{"path":"\/sites\/v\/valnesfjordil.no\/files\/2023\/11\/thumbnail_img_0452.jpg?cropToFit=200x118&quality=75","width":200,"height":118,"aspectRatio":1.694915254237288},{"path":"\/sites\/v\/valnesfjordil.no\/files\/2023\/11\/thumbnail_img_0452.jpg?cropToFit=400x235&quality=75","width":400,"height":235,"aspectRatio":1.702127659574468},{"path":"\/sites\/v\/valnesfjordil.no\/files\/2023\/11\/thumbnail_img_0452.jpg?cropToFit=600x353&quality=75","width":600,"height":353,"aspectRatio":1.6997167138810199},{"path":"\/sites\/v\/valnesfjordil.no\/files\/2023\/11\/thumbnail_img_0452.jpg?cropToFit=800x471&quality=75","width":800,"height":471,"aspectRatio":1.6985138004246285},{"path":"\/sites\/v\/valnesfjordil.no\/files\/2023\/11\/thumbnail_img_0452.jpg?cropToFit=1000x588&quality=75","width":1000,"height":588,"aspectRatio":1.7006802721088434},{"path":"\/sites\/v\/valnesfjordil.no\/files\/2023\/11\/thumbnail_img_0452.jpg?cropToFit=1200x706&quality=75","width":1200,"height":706,"aspectRatio":1.6997167138810199}],"image":"\/sites\/v\/valnesfjordil.no\/files\/2023\/11\/thumbnail_img_0452.jpg","aspect":1.694915254237288,"type":"image","description":null},"additionalData":[]},{"classes":["outercol"],"isFavourite":false,"isExternalUrl":{"articleLink":false},"articleListButtonsData":{"buttonsList":[{"label":"Les mer","url":"\/siste-nytt\/?Article=614","type":"readmore"}],"mode":"default"},"favouriteType":null,"mnu":null,"section":null,"displayId":true,"docId":614,"identifier":"614Article","docType":"Article","customDate":false,"teaserData":{"teaserText":"","mode":"default"},"content":{"teaser":"","intro":"informasjon om p\u00e5melding til Nobl cup i Valnesfjord"},"titles":{"main":"Nobl cup Valnesfjord","readMoreButton":"Les mer"},"urls":{"readMore":"\/siste-nytt\/?Article=614","booking":null},"created":{"date":"14.06.2024","time":"22:20","timestamp":1718396400},"introAllowHtml":false,"hasTicket":false,"extra":null,"hasReadMore":true,"media":{"imageData":{"path":"\/sites\/v\/valnesfjordil.no\/files\/img_4249.jpeg","width":1170,"height":780,"aspectRatio":1.5},"previewImageUrl":"\/sites\/v\/valnesfjordil.no\/files\/img_4249.jpeg?cropToFit=100x59&quality=50","imageVariants":[{"path":"\/sites\/v\/valnesfjordil.no\/files\/img_4249.jpeg?cropToFit=100x59&quality=75","width":100,"height":59,"aspectRatio":1.694915254237288},{"path":"\/sites\/v\/valnesfjordil.no\/files\/img_4249.jpeg?cropToFit=200x118&quality=75","width":200,"height":118,"aspectRatio":1.694915254237288},{"path":"\/sites\/v\/valnesfjordil.no\/files\/img_4249.jpeg?cropToFit=400x235&quality=75","width":400,"height":235,"aspectRatio":1.702127659574468},{"path":"\/sites\/v\/valnesfjordil.no\/files\/img_4249.jpeg?cropToFit=600x353&quality=75","width":600,"height":353,"aspectRatio":1.6997167138810199},{"path":"\/sites\/v\/valnesfjordil.no\/files\/img_4249.jpeg?cropToFit=800x471&quality=75","width":800,"height":471,"aspectRatio":1.6985138004246285},{"path":"\/sites\/v\/valnesfjordil.no\/files\/img_4249.jpeg?cropToFit=1000x588&quality=75","width":1000,"height":588,"aspectRatio":1.7006802721088434},{"path":"\/sites\/v\/valnesfjordil.no\/files\/img_4249.jpeg?cropToFit=1200x706&quality=75","width":1170,"height":688,"aspectRatio":1.7005813953488371}],"image":"\/sites\/v\/valnesfjordil.no\/files\/img_4249.jpeg","aspect":1.694915254237288,"type":"image","description":null},"additionalData":[]},{"classes":["outercol"],"isFavourite":false,"isExternalUrl":{"articleLink":false},"articleListButtonsData":{"buttonsList":[{"label":"Les mer","url":"\/siste-nytt\/?Article=603","type":"readmore"}],"mode":"default"},"favouriteType":null,"mnu":null,"section":null,"displayId":true,"docId":603,"identifier":"603Article","docType":"Article","customDate":false,"teaserData":{"teaserText":"","mode":"default"},"content":{"teaser":"","intro":""},"titles":{"main":"Treningstider og hjemmekamper Valnesfjord kunstgressbane 2024","readMoreButton":"Les mer"},"urls":{"readMore":"\/siste-nytt\/?Article=603","booking":null},"created":{"date":"07.05.2024","time":"12:35","timestamp":1715078100},"introAllowHtml":false,"hasTicket":false,"extra":null,"hasReadMore":true,"media":{"imageData":{"path":"\/sites\/v\/valnesfjordil.no\/files\/img_4247.jpeg","width":1284,"height":856,"aspectRatio":1.5},"previewImageUrl":"\/sites\/v\/valnesfjordil.no\/files\/img_4247.jpeg?cropToFit=100x59&quality=50","imageVariants":[{"path":"\/sites\/v\/valnesfjordil.no\/files\/img_4247.jpeg?cropToFit=100x59&quality=75","width":100,"height":59,"aspectRatio":1.694915254237288},{"path":"\/sites\/v\/valnesfjordil.no\/files\/img_4247.jpeg?cropToFit=200x118&quality=75","width":200,"height":118,"aspectRatio":1.694915254237288},{"path":"\/sites\/v\/valnesfjordil.no\/files\/img_4247.jpeg?cropToFit=400x235&quality=75","width":400,"height":235,"aspectRatio":1.702127659574468},{"path":"\/sites\/v\/valnesfjordil.no\/files\/img_4247.jpeg?cropToFit=600x353&quality=75","width":600,"height":353,"aspectRatio":1.6997167138810199},{"path":"\/sites\/v\/valnesfjordil.no\/files\/img_4247.jpeg?cropToFit=800x471&quality=75","width":800,"height":471,"aspectRatio":1.6985138004246285},{"path":"\/sites\/v\/valnesfjordil.no\/files\/img_4247.jpeg?cropToFit=1000x588&quality=75","width":1000,"height":588,"aspectRatio":1.7006802721088434},{"path":"\/sites\/v\/valnesfjordil.no\/files\/img_4247.jpeg?cropToFit=1200x706&quality=75","width":1200,"height":706,"aspectRatio":1.6997167138810199}],"image":"\/sites\/v\/valnesfjordil.no\/files\/img_4247.jpeg","aspect":1.694915254237288,"type":"image","description":null},"additionalData":[]},{"classes":["outercol"],"isFavourite":false,"isExternalUrl":{"articleLink":false},"articleListButtonsData":{"buttonsList":[{"label":"Les mer","url":"\/siste-nytt\/?Article=599","type":"readmore"}],"mode":"default"},"favouriteType":null,"mnu":null,"section":null,"displayId":true,"docId":599,"identifier":"599Article","docType":"Article","customDate":false,"teaserData":{"teaserText":"","mode":"default"},"content":{"teaser":"","intro":"Trimtex har \u00e5pnet teamshopen for bestilling av klubbkl\u00e6r sommer. Frist 21.04.24 med levering f\u00f8rste uken i juni. "},"titles":{"main":"Klubbkl\u00e6r fra Trimtex sommer","readMoreButton":"Les mer"},"urls":{"readMore":"\/siste-nytt\/?Article=599","booking":null},"created":{"date":"15.04.2024","time":"17:50","timestamp":1713196200},"introAllowHtml":false,"hasTicket":false,"extra":null,"hasReadMore":true,"media":{"imageData":{"path":"\/sites\/v\/valnesfjordil.no\/files\/2023\/11\/thumbnail_img_0251.jpg","width":600,"height":397,"aspectRatio":1.5113350125944585},"previewImageUrl":"\/sites\/v\/valnesfjordil.no\/files\/2023\/11\/thumbnail_img_0251.jpg?cropToFit=100x59&quality=50","imageVariants":[{"path":"\/sites\/v\/valnesfjordil.no\/files\/2023\/11\/thumbnail_img_0251.jpg?cropToFit=100x59&quality=75","width":100,"height":59,"aspectRatio":1.694915254237288},{"path":"\/sites\/v\/valnesfjordil.no\/files\/2023\/11\/thumbnail_img_0251.jpg?cropToFit=200x118&quality=75","width":200,"height":118,"aspectRatio":1.694915254237288},{"path":"\/sites\/v\/valnesfjordil.no\/files\/2023\/11\/thumbnail_img_0251.jpg?cropToFit=400x235&quality=75","width":400,"height":235,"aspectRatio":1.702127659574468},{"path":"\/sites\/v\/valnesfjordil.no\/files\/2023\/11\/thumbnail_img_0251.jpg?cropToFit=600x353&quality=75","width":600,"height":353,"aspectRatio":1.6997167138810199},{"path":"\/sites\/v\/valnesfjordil.no\/files\/2023\/11\/thumbnail_img_0251.jpg?cropToFit=800x471&quality=75","width":600,"height":353,"aspectRatio":1.6997167138810199},{"path":"\/sites\/v\/valnesfjordil.no\/files\/2023\/11\/thumbnail_img_0251.jpg?cropToFit=1000x588&quality=75","width":600,"height":353,"aspectRatio":1.6997167138810199},{"path":"\/sites\/v\/valnesfjordil.no\/files\/2023\/11\/thumbnail_img_0251.jpg?cropToFit=1200x706&quality=75","width":600,"height":353,"aspectRatio":1.6997167138810199}],"image":"\/sites\/v\/valnesfjordil.no\/files\/2023\/11\/thumbnail_img_0251.jpg","aspect":1.694915254237288,"type":"image","description":null},"additionalData":[]}],"pages":[1,2,3,4],"currentPage":1,"sections":[]}